{"id":105,"date":"2021-12-06T18:54:14","date_gmt":"2021-12-06T17:54:14","guid":{"rendered":"https:\/\/wp.petersenschuby.de\/?page_id=105"},"modified":"2021-12-06T18:54:14","modified_gmt":"2021-12-06T17:54:14","slug":"datenschutzerklaerung","status":"publish","type":"page","link":"https:\/\/petersenschuby.de\/?page_id=105","title":{"rendered":"Datenschutzerkl\u00e4rung"},"content":{"rendered":"\n<h2 class=\"wp-block-heading\">Datenschutz<\/h2>\n\n\n\n<h3 class=\"wp-block-heading\">1. Allgemeines<\/h3>\n\n\n\n<p>Thomas Petersen, Schuby 25, 24398 D\u00f6rphof, ist Verantwortliche im Sinne der Europ\u00e4ischen Datenschutzgrundverordnung (DSGVO) f\u00fcr die Datenverarbeitung auf dieser Website. Wir achten Ihre Pers\u00f6nlichkeitsrechte. Wir wissen um die Bedeutung pers\u00f6nlicher Daten, die wir von Ihnen als Nutzer unserer Website erhalten. Wir respektieren den Schutz Ihrer personenbezogenen Daten und werden s\u00e4mtliche erlangten Daten ausschlie\u00dflich nach Ma\u00dfgabe der einschl\u00e4gigen datenschutzrechtlichen Bestimmungen im Rahmen unseres Gesch\u00e4ftszweckes erheben, speichern oder verarbeiten.<br><\/p>\n\n\n\n<h3 class=\"wp-block-heading\">2. Definitionen<\/h3>\n\n\n\n<p>Als personenbezogene Daten gelten alle Informationen, die sich auf eine identifizierte oder identifizierbare nat\u00fcrliche Person beziehen. Als identifizierbar wird eine nat\u00fcrliche Person angesehen, die direkt oder indirekt, insbesondere mittels Zuordnung zu einer Kennung, wie einem Namen, einer Kennnummer, zu Standortdaten, zu einer Online-Kennung oder zu einem oder mehreren besonderen Merkmalen identifiziert werden kann, die Ausdruck der physischen, physiologischen, genetischen, psychischen, wirtschaftlichen, kulturellen oder sozialen Identit\u00e4t dieser nat\u00fcrlichen Person sind.<br><\/p>\n\n\n\n<h3 class=\"wp-block-heading\">3. Rechtsgrundlagen der Verarbeitung<\/h3>\n\n\n\n<p>Sofern wir f\u00fcr Verarbeitungsvorg\u00e4nge personenbezogener Daten eine Einwilligung von Ihnen einholen, dient Artikel 6 Abs. 1 S. 1 lit. a der Europ\u00e4ischen Datenschutzgrundverordnung (DSGVO) als Rechtsgrundlage.<br>Die Verarbeitung von personenbezogenen Daten, die zur Erf\u00fcllung eines Vertrages mit Ihnen erforderlich sind, st\u00fctzt sich auf Artikel 6 Abs. 1 S. 1 lit. b DSGVO. Dies gilt auch f\u00fcr Verarbeitungsvorg\u00e4nge, die zur Durchf\u00fchrung vorvertraglicher Ma\u00dfnahmen erforderlich sind.<br>Soweit eine Verarbeitung personenbezogener Daten zur Erf\u00fcllung einer rechtlichen Verpflichtung erforderlich ist, denen unser Unternehmen unterliegt, geschieht dies im Rahmen von Artikel 6 Abs. 1 S. 1 lit. c DSGVO.<br>Ist die Verarbeitung zur Wahrung eines berechtigten Interesses von uns oder einem Dritten erforderlich und \u00fcberwiegen Ihre Interessen, Grundrechte und Grundfreiheiten das berechtigte Interesse nicht, so dient Artikel 6 Abs. 1 S. 1 lit. f DSGVO als Rechtsgrundlage f\u00fcr die Verarbeitung. Das berechtige Interesse unseres Unternehmens liegt in der Regel in der Durchf\u00fchrung unserer Gesch\u00e4ftst\u00e4tigkeit.<br><\/p>\n\n\n\n<h3 class=\"wp-block-heading\">4. Datenl\u00f6schung und Speicherdauer<\/h3>\n\n\n\n<p>Ihre personenbezogenen Daten werden gel\u00f6scht oder gesperrt, sobald der Zweck der Speicherung entf\u00e4llt. Eine Speicherung kann dar\u00fcber hinaus dann erfolgen, wenn dies durch den europ\u00e4ischen oder nationalen Gesetzgeber in unionsrechtlichen Verordnungen, Gesetzen oder sonstigen Vorschriften vorgesehen wurde. Eine Sperrung oder L\u00f6schung der Daten erfolgt auch dann, wenn eine durch die genannten Normen vorgeschriebene Speicherfrist abl\u00e4uft, es sei denn, dass eine Erforderlichkeit zur weiteren Speicherung der Daten f\u00fcr einen Vertragsabschluss oder eine Vertragserf\u00fcllung besteht.<br><\/p>\n\n\n\n<h3 class=\"wp-block-heading\">5. Erhebung personenbezogener Daten<\/h3>\n\n\n\n<p>Grunds\u00e4tzlich erheben und verwenden wir bei Besuch unserer Website keine personenbezogenen Daten. Dies geschieht nur, soweit dies zur Bereitstellung einer funktionsf\u00e4higen Website sowie unserer Inhalte und Leistungen erforderlich ist. Die Erhebung und Verwendung personenbezogener Daten unserer Nutzer erfolgt regelm\u00e4\u00dfig nur nach deren Einwilligung. Anderes gilt in solchen F\u00e4llen, in denen eine vorherige Einholung einer Einwilligung aus tats\u00e4chlichen Gr\u00fcnden nicht m\u00f6glich ist und die Verarbeitung der Daten durch gesetzliche Vorschriften gestattet ist.<br>Nachfolgend m\u00f6chten wir Sie \u00fcber Art, Umfang und Zweck unseres Datenumgangs im Rahmen dieser Website informieren:<br><\/p>\n\n\n\n<h3 class=\"wp-block-heading\">5.1 Server-Log-Files<\/h3>\n\n\n\n<p>Bei jedem Aufruf unserer Website werden die zur Inanspruchnahme und zur Abrechnung der Nutzung erforderlichen Zugriffsdaten des Nutzers auf unserem Server in einer Protokolldatei (Log-Datei), die Ihr Browser automatisch an uns \u00fcbermittelt, gespeichert.<br>Dies sind:<br>\u2022 Browsertyp\/ Browserversion\u2028\u2022 verwendetes Betriebssystem\u2028\u2022 Referrer URL\u2028\u2022 Hostname des zugreifenden Rechners\u2028\u2022 Datum und Uhrzeit der Serveranfrage\u2028\u2022 IP-Adresse des Rechners, der die Website anfordert;\u2028\u2022 Website, von der der Nutzer gegebenenfalls auf die angeforderte Website gekommen ist;\u2028\u2022 aufgerufene Dokumente;<br>Die Speicherung der Log-Datei dient folgenden Zwecken:<br>\u2022 Auswertung Dateienabrufs zu statistischen Zwecken;\u2028\u2022 \u00dcberpr\u00fcfung auf vertragswidrige oder sonst rechtswidrige Nutzung, sofern hierf\u00fcr tats\u00e4chliche Anhaltspunkte vorliegen.<br>Diese Daten sind nicht bestimmten Personen zuzuordnen. Eine Zusammenf\u00fchrung dieser Daten mit anderen Datenquellen nehmen wir nicht vor.<br><\/p>\n\n\n\n<h3 class=\"wp-block-heading\">5.2 Cookies<\/h3>\n\n\n\n<p>Nach dem Einloggen des Nutzers auf unserer Website werden so genannte \u201eCookies\u201c auf dem Computer des Nutzers gespeichert.<br>Bei einem Cookie handelt es sich um eine kleine Textdatei in einem daf\u00fcr vorgesehenen Dateiverzeichnis des Computers. Diese Datei dient dazu, den Computer des Nutzers w\u00e4hrend der Dauer der Sitzung zu identifizieren. Cookies k\u00f6nnen keine Manipulationen am jeweiligen Endger\u00e4t des Nutzers erzeugen und k\u00f6nnen \u2013 am einfachsten im Browser \u2013 jederzeit manuell gel\u00f6scht werden.<br>Die Handhabung von Cookies k\u00f6nnen Sie in Ihrem Internetbrowser individuell so einstellen, dass Cookies abgelehnt oder nur nach Best\u00e4tigung akzeptiert werden. Die Cookies, hier sog. \u201eSession-Cookies\u201c, dienen dem Zweck der Funktionserweiterung unseres Internetangebotes sowie dazu, Ihnen die Nutzung m\u00f6glichst komfortabel zu gestalten. Wir weisen Sie darauf hin, dass bei Ablehnung von Cookies nicht alle Bestandteile unserer Anwendung st\u00f6rungsfrei funktionieren k\u00f6nnen.<br><\/p>\n\n\n\n<h3 class=\"wp-block-heading\">5.3 Nutzungsdaten<\/h3>\n\n\n\n<p>Wir erheben und verwenden personenbezogene Daten von Ihnen, soweit dies erforderlich ist, um die Inanspruchnahme unseres Internetangebotes zu erm\u00f6glichen (Nutzungsdaten).<br>F\u00fcr Zwecke der Werbung, der Marktforschung und zur bedarfsgerechten Gestaltung unseres Internetangebotes d\u00fcrfen wir bei Verwendung von Pseudonymen Nutzungsprofile erstellen.<br>Sie haben das Recht, dieser Verwendung Ihrer Daten jederzeit zu widersprechen. Die Nutzungsprofile d\u00fcrfen wir nicht mit Daten \u00fcber den Tr\u00e4ger des Pseudonyms zusammenf\u00fchren.<br><\/p>\n\n\n\n<h3 class=\"wp-block-heading\">5.4 Daten im Zusammenhang mit Ihrer Kontaktaufnahme<\/h3>\n\n\n\n<p>Wenn Sie uns per Kontaktformular Anfragen zukommen lassen, werden Ihre Angaben aus dem Formular, oder \u00fcber die bereitgestellte E-Mail-Adresse zur Kontaktaufnahme, inklusive der von Ihnen dort angegebenen Kontaktdaten allein zu Zwecken der Bearbeitung der jeweiligen Anfrage und f\u00fcr den Fall von Anschlussfragen bei uns gespeichert. Diese Daten geben wir nicht ohne Ihre Einwilligung an Dritte weiter.<br><\/p>\n\n\n\n<h3 class=\"wp-block-heading\">5.5 Webshop<\/h3>\n\n\n\n<p>Wenn Sie in unserem Webshop bestellen m\u00f6chten, ist es f\u00fcr den Vertragsabschluss erforderlich, dass Sie personenbezogene Daten angeben, die wir f\u00fcr die Abwicklung Ihrer Bestellung ben\u00f6tigen. F\u00fcr die Abwicklung der Vertr\u00e4ge notwendige Pflichtangaben sind gesondert markiert, weitere Angaben sind freiwillig. Die von Ihnen angegebenen Daten verarbeiten wir zur Abwicklung Ihrer Bestellung. Rechtsgrundlage hierf\u00fcr ist Art. 6 Abs. 1 S. 1 lit. b DSGVO.<br>Wir k\u00f6nnen die von Ihnen angegebenen Daten zudem verarbeiten, um Sie \u00fcber weitere interessante Produkte aus unserem Portfolio zu informieren oder Ihnen E-Mails mit technischen Informationen zukommen lassen.<br>Wir sind aufgrund handels- und steuerrechtlicher Vorgaben verpflichtet, Ihre Adress-, Zahlungs- und Bestelldaten f\u00fcr die Dauer von zehn Jahren zu speichern. Allerdings nehmen wir nach zwei Jahren eine Einschr\u00e4nkung der Verarbeitung vor, d.h. Ihre Daten werden nur zur Einhaltung der gesetzlichen Verpflichtungen eingesetzt.<br>Zur Verhinderung unberechtigter Zugriffe Dritter auf Ihre pers\u00f6nlichen Daten, insbesondere Finanzdaten, wird der Bestellvorgang per TLS-Technik verschl\u00fcsselt.<br><\/p>\n\n\n\n<h3 class=\"wp-block-heading\">5.6 Nutzung von Google Analytics<\/h3>\n\n\n\n<p>Unsere Website benutzt Google Analytics, einen Webanalysedienst der Google Inc. (\u201eGoogle\u201c), 1600 Amphitheatre Parkway Mountain View, CA 94043, USA.<br>Google Analytics verwendet sog. \u201eCookies\u201c, Textdateien, die auf Ihrem Computer gespeichert werden und die eine Analyse der Benutzung der Website durch Sie erm\u00f6glichen. Die durch das Cookie erzeugten Informationen \u00fcber Ihre Benutzung dieser Website werden in der Regel an einen Server von Google in den USA \u00fcbertragen und dort gespeichert. Im Falle der Aktivierung der IP-Anonymisierung auf dieser Website, wird Ihre IP-Adresse von Google jedoch innerhalb von Mitgliedstaaten der Europ\u00e4ischen Union oder in anderen Vertragsstaaten des Abkommens \u00fcber den Europ\u00e4ischen Wirtschaftsraum zuvor gek\u00fcrzt. Nur in Ausnahmef\u00e4llen wird die volle IP-Adresse an einen Server von Google in den USA \u00fcbertragen und dort gek\u00fcrzt. Im Auftrag des Betreibers dieser Website wird Google diese Informationen benutzen, um Ihre Nutzung der Website auszuwerten, um Reports \u00fcber die Websiteaktivit\u00e4ten zusammenzustellen und um weitere mit der Websitenutzung und der Internetnutzung verbundene Dienstleistungen gegen\u00fcber dem Websitebetreiber zu erbringen. Die im Rahmen von Google Analytics von Ihrem Browser \u00fcbermittelte IP-Adresse wird nicht mit anderen Daten von Google zusammengef\u00fchrt. Sie k\u00f6nnen die Speicherung der Cookies durch eine entsprechende Einstellung Ihrer Browser-Software verhindern; wir weisen Sie jedoch darauf hin, dass Sie in diesem Fall gegebenenfalls nicht s\u00e4mtliche Funktionen dieser Website vollumf\u00e4nglich werden nutzen k\u00f6nnen. Sie k\u00f6nnen dar\u00fcber hinaus die Erfassung der durch den Cookie erzeugten und auf Ihre Nutzung der Website bezogenen Daten (inkl. Ihrer IP-Adresse) an Google sowie die Verarbeitung dieser Daten durch Google verhindern, indem Sie das unter dem folgenden Link (<a href=\"http:\/\/tools.google.com\/dlpage\/gaoptout?hl=de\">http:\/\/tools.google.com\/\u00addlpage\/\u00adgaoptout?hl=de<\/a>) verf\u00fcgbare Browser-Plugin herunterladen und installieren. Es wird ein Opt-Out-Cookie gesetzt, dass die zuk\u00fcnftige Erfassung Ihrer Daten beim Besuch dieser Website verhindert.<br>Wir weisen Sie darauf hin, dass auf dieser Website Google Analytics um den Code \u201eanonymizeIp\u201c erweitert wurde, um eine anonymisierte Erfassung von IP-Adressen (sog. IP-Masking) zu gew\u00e4hrleisten. Wir nutzen Google Analytics ausschlie\u00dflich dazu, Daten aus Double-Click-Cookies und auch AdWords f\u00fcr statistische Zwecke auszuwerten. Sollten Sie dies nicht w\u00fcnschen, k\u00f6nnen Sie dies \u00fcber den Anzeigenvorgaben-Manager (<a href=\"http:\/\/www.google.com\/\">http:\/\/www.google.com\/\u00ad<\/a> settings\/ads\/onweb\/?hl=de) deaktivieren.<br>Dar\u00fcber hinaus haben wir als Anbieter der Website keine Kenntnis vom Inhalt der \u00fcbermittelten Daten sowie deren Nutzung durch Google. Weitere Informationen hierzu finden Sie in der Datenschutzerkl\u00e4rung sowie der Nutzungsbedingungen von Google unter <a href=\"http:\/\/www.google.com\/analytics\/terms\/de.html\">http:\/\/www.google.com\/\u00adanalytics\/\u00adterms\/\u00adde.html<\/a>, oder unter <a href=\"https:\/\/www.google.de\/intl\/de\/policies\/\">https:\/\/www.google.de\/\u00adintl\/\u00adde\/\u00adpolicies\/\u00ad<\/a>.<br><\/p>\n\n\n\n<h3 class=\"wp-block-heading\">5.7 Nutzung von Google +1<\/h3>\n\n\n\n<p>Unsere Webseite verwendet Funktionen von Google +1, Google Inc. 1600 Amphitheatre Parkway Mountain View, CA 94043, USA.<br>Die Google +1-Schaltfl\u00e4che erm\u00f6glicht Ihnen Informationen weltweit zu ver\u00f6ffentlichen. \u00dcber die Schaltfl\u00e4che erhalten Sie und andere Nutzer personalisierte Inhalte von Google und unseren Partnern. Google speichert sowohl die Information, dass Sie f\u00fcr einen Inhalt +1 gegeben haben, als auch Informationen \u00fcber die Webseite, die Sie beim Klicken auf +1 angesehen haben. Ihre +1 k\u00f6nnen als Hinweise zusammen mit Ihrem Profilnamen und Ihrem Foto in Google-Diensten, wie etwa in Suchergebnissen oder in Ihrem Google-Profil, oder an anderen Stellen auf Webseiten eingeblendet werden. Google zeichnet Informationen \u00fcber Ihre +1-Aktivit\u00e4ten auf, um die Google-Dienste f\u00fcr Sie und andere zu verbessern. Um die Google +1-Schaltfl\u00e4che verwenden zu k\u00f6nnen, ben\u00f6tigen Sie ein weltweit sichtbares, \u00f6ffentliches Google-Profil, das zumindest den f\u00fcr das Profil gew\u00e4hlten Namen enthalten muss. Dieser Name wird in allen Google-Diensten verwendet. In manchen F\u00e4llen kann dieser Name auch einen anderen Namen ersetzen, den Sie beim Teilen von Inhalten \u00fcber Ihr Google-Konto verwendet haben. Die Identit\u00e4t Ihres Google- Profils kann Nutzern angezeigt werden, die Ihre E-Mail-Adresse kennen oder \u00fcber andere identifizierende Informationen von Ihnen verf\u00fcgen.<br>Neben den oben erl\u00e4uterten Verwendungszwecken werden die von Ihnen bereitgestellten Informationen gem\u00e4\u00df den geltenden Google-Datenschutzbestimmungen genutzt. Google ver\u00f6ffentlicht m\u00f6glicherweise zusammengefasste Statistiken \u00fcber die +1-Aktivit\u00e4ten\u2028der Nutzer bzw. gibt diese an Nutzer und Partner weiter, wie etwa Publisher, Inserenten oder verbundene Webseiten.<br>Dar\u00fcber hinaus haben wir als Anbieter der Webseite keine Kenntnis vom Inhalt der \u00fcbermittelten Daten sowie deren Nutzung durch Google. Sie haben auch die M\u00f6glichkeit durch Installation entsprechender Add \u2013 Ons in Ihrem Browser, das Laden der Google Plugins zu verhindern.\u2028Weitere Informationen hierzu finden Sie in der Datenschutzerkl\u00e4rung von Google unter <a href=\"https:\/\/www.google.de\/intl\/de\/policies\/privacy\/\">https:\/\/www.google.de\/\u00adintl\/\u00adde\/\u00adpolicies\/\u00adprivacy\/\u00ad<\/a>.<br><\/p>\n\n\n\n<h3 class=\"wp-block-heading\">5.8 Nutzung von Twitter<\/h3>\n\n\n\n<p>Unsere Webseite verwendet die Funktionen des Dienstes Twitter der Twitter Inc., 795 Folsom St., Suite 600, San Francisco, CA 94107, USA.<br>Durch das Benutzen von Twitter und der Funktion \u201cRe-Tweet\u201d werden die von Ihnen besuchten Webseiten mit Ihrem Twitter-Account verkn\u00fcpft und anderen Nutzern bekannt gegeben. Dabei werden auch Daten an Twitter \u00fcbertragen.<br>Wir weisen darauf hin, dass wir als Anbieter der Webseite keine Kenntnis vom Inhalt der \u00fcbermittelten Daten sowie deren Nutzung durch Twitter erhalten.<br>Ihre Datenschutzeinstellungen bei Twitter k\u00f6nnen Sie in den Konto-Einstellungen unter <a href=\"http:\/\/twitter.com\/account\/settings\">http:\/\/twitter.com\/\u00adaccount\/\u00adsettings<\/a> \u00e4ndern.<br>Weitere Informationen hierzu finden Sie in der Datenschutzerkl\u00e4rung von Twitter unter <a href=\"http:\/\/twitter.com\/privacy\">http:\/\/twitter.com\/\u00adprivacy<\/a>.<br><\/p>\n\n\n\n<h3 class=\"wp-block-heading\">5.9 Nutzung von Xing<\/h3>\n\n\n\n<p>Unsere Webseite verwendet die Funktionen des Netzwerks XING der XING AG, Dammtorstra\u00dfe 29-32, 20354 Hamburg, Deutschland.<br>Bei jedem Abruf unserer Webseite wird eine Verbindung zu Servern von Xing hergestellt. Eine Speicherung von personenbezogenen Daten erfolgt dabei nach unserer Kenntnis nicht. Insbesondere werden keine IP-Adressen gespeichert oder das Nutzungsverhalten ausgewertet.<br>Weitere Information hierzu finden Sie in der Datenschutzerkl\u00e4rung von Xing unter <a href=\"https:\/\/www.xing.com\/app\/share?op=data_protection\">https:\/\/www.xing.com\/\u00adapp\/\u00adshare?op=data_protection<\/a>.<br><\/p>\n\n\n\n<h3 class=\"wp-block-heading\">5.10 Nutzung von YouTube-Plugins<\/h3>\n\n\n\n<p>Unsere Webseite verwendet die Plugin-Funktion der YouTube Plattform von Google Inc. (\u201eGoogle\u201c), San Bruno\/Kalifornien, USA.<br>Bei jedem Abruf unserer Webseite wird eine Verbindung zu den Servern von YouTube aufgebaut. Dabei wird dem YouTube-Server Ihr besuch auf unserer Webseite mitgeteilt. Eine Speicherung von personenbezogenen Daten erfolgt dabei nach unserer Kenntnis nicht. Sollten Sie jedoch in Ihrem YouTube-Account eingeloggt sein, w\u00fcrden Sie es YouTube erm\u00f6glichen, Ihre Browserchronik direkt Ihrem pers\u00f6nlichen Profil zuzuordnen.<br>Sie haben die M\u00f6glichkeit diese Zuordnung zu deaktivieren, wenn Sie sich vorher aus Ihrem Account ausloggen.<br>Weitere Informationen hierzu finden Sie in der Datenschutzerkl\u00e4rung von YouTube unter <a href=\"https:\/\/www.youtube.de\/t\/privacy\">https:\/\/www.youtube.de\/\u00adt\/\u00adprivacy<\/a>.<br><\/p>\n\n\n\n<h3 class=\"wp-block-heading\">5.11 Nutzung von Facebook-Plugins<\/h3>\n\n\n\n<p>Unsere Webseite verwendet Plugins des sozialen Netzwerks Facebook, Facebook Inc., 1 Hacker Way, Menlo Park, California 94025, USA.<br>Die Facebook-Plugins erkennen Sie an dem Facebook-Logo auf unserer Webseite. Eine \u00dcbersicht \u00fcber die Facebook-Plugins finden Sie hier: <a href=\"http:\/\/developers.facebook.com\/docs\/plugins\/\">http:\/\/developers.facebook.com\/\u00addocs\/\u00adplugins\/\u00ad<\/a>.<br>Wenn Sie unsere Webseite besuchen, wird \u00fcber das Plugin eine direkte Verbindung zwischen Ihrem Browser und dem Facebook-Server hergestellt. Facebook erh\u00e4lt dadurch die Information, dass Sie mit Ihrer IP-Adresse unsere Webseite besucht haben. Wenn Sie den Facebook \u201eLike-Button\u201c anklicken w\u00e4hrend Sie in Ihrem Facebook-Account eingeloggt sind, k\u00f6nnen Sie die Inhalte unserer Webseite auf Ihrem Facebook-Profil verlinken. Dadurch kann Facebook den Besuch unserer Webseite Ihrem Benutzerkonto zuordnen.<br>Wir weisen Sie darauf hin, dass wir als Anbieter der Webseite keine Kenntnis vom Inhalt der \u00fcbermittelten Daten sowie deren Nutzung durch Facebook erlangen. Wenn Sie nicht w\u00fcnschen, dass Facebook den Besuch unserer Webseite Ihrem Facebook- Nutzerkonto zuordnen kann, loggen Sie sich bitte aus Ihrem Facebook-Benutzerkonto aus.<br>Weitere Informationen hierzu finden Sie in der Datenschutzerkl\u00e4rung von Facebook unter <a href=\"http:\/\/de-de.facebook.com\/policy.php\">http:\/\/de-de.facebook.com\/\u00adpolicy.php<\/a>.<br><\/p>\n\n\n\n<h3 class=\"wp-block-heading\">5.12 Nutzung von Google Maps<\/h3>\n\n\n\n<p>Diese Webseite verwendet das Produkt Google Maps von Google Inc. Durch Nutzung dieser Webseite erkl\u00e4ren Sie sich mit der Erfassung, Bearbeitung sowie Nutzung der automatisiert erhobenen Daten durch Google Inc, deren Vertreter sowie Dritter einverstanden. Die Nutzungsbedingungen von Google Maps finden sie unter &#8222;Nutzungsbedingungen von Google Maps&#8220;.<br><\/p>\n\n\n\n<h3 class=\"wp-block-heading\">6. Ihre Rechte<\/h3>\n\n\n\n<p>Soweit wir Ihre personenbezogenen Daten auf unserer Website verarbeiten, sind Sie \u201eBetroffener\u201c im Sinne der DSGVO. Ihnen stehen folgende Rechte gegen\u00fcber uns zu:<br><\/p>\n\n\n\n<h3 class=\"wp-block-heading\">6.1 Auskunftsrecht<\/h3>\n\n\n\n<p>Sie k\u00f6nnen von uns eine Best\u00e4tigung dar\u00fcber verlangen, ob wir personenbezogene Daten von Ihnen verarbeiten. Sollte eine solche Verarbeitung vorliegen, k\u00f6nnen Sie von uns \u00fcber folgende Informationen Auskunft verlangen:<br>\u2022 die Zwecke, zu denen die personenbezogenen Daten verarbeitet werden;<br>\u2022 die Kategorien von personenbezogenen Daten, welche verarbeitet werden;<br>\u2022 die Empf\u00e4nger bzw. die Kategorien von Empf\u00e4ngern, gegen\u00fcber denen Ihre personenbezogenen Daten offengelegt wurden oder noch offengelegt werden;<br>\u2022 die geplante Dauer der Speicherung Ihrer personenbezogenen Daten oder, falls konkrete Angaben hierzu nicht m\u00f6glich sind, Kriterien f\u00fcr die Festlegung der Speicherdauer;<br>\u2022 das Bestehen eines Beschwerderechts bei einer Aufsichtsbeh\u00f6rde;<br>\u2022 alle verf\u00fcgbaren Informationen \u00fcber die Herkunft der Daten, wenn die personenbezogenen Daten nicht bei Ihnen erhoben werden;<br>\u2022 das Bestehen einer automatisierten Entscheidungsfindung einschlie\u00dflich Profiling gem\u00e4\u00df Art. 22 Abs. 1 und 4 DSGVO und \u2013 zumindest in diesen F\u00e4llen \u2013 aussagekr\u00e4ftige Informationen \u00fcber die involvierte Logik sowie die Tragweite und die angestrebten Auswirkungen einer derartigen Verarbeitung f\u00fcr Sie.<br>Weiterhin steht Ihnen das Recht zu, Auskunft dar\u00fcber zu verlangen, ob Ihre personenbezogenen Daten in ein Drittland oder an eine internationale Organisation \u00fcbermittelt werden. In diesem Zusammenhang k\u00f6nnen Sie verlangen \u00fcber die geeigneten Garantien gem. Art. 46 DSGVO im Zusammenhang mit der \u00dcbermittlung unterrichtet zu werden.<br><\/p>\n\n\n\n<h3 class=\"wp-block-heading\">6.2 Recht auf Berichtigung<\/h3>\n\n\n\n<p>Sie haben gegen\u00fcber uns ein Recht auf Berichtigung und\/oder Vervollst\u00e4ndigung Ihrer personenbezogenen Daten, sofern Ihre verarbeiteten Daten unrichtig oder unvollst\u00e4ndig sind. Sollte dies der Fall sein, werden wir die Berichtigung unverz\u00fcglich vornehmen.<br><\/p>\n\n\n\n<h3 class=\"wp-block-heading\">6.3 Recht auf Einschr\u00e4nkung der Verarbeitung<\/h3>\n\n\n\n<p>Sie haben unter folgenden Voraussetzungen das Recht die Einschr\u00e4nkung der Verarbeitung Ihrer personenbezogenen Daten zu verlangen, wenn:<br>\u2022 Sie die Richtigkeit Ihrer personenbezogenen Daten f\u00fcr eine Dauer bestreiten, die es uns erm\u00f6glicht, die Richtigkeit der Daten zu \u00fcberpr\u00fcfen;<br>\u2022 die Verarbeitung unrechtm\u00e4\u00dfig ist und Sie die L\u00f6schung Ihrer\u2028personenbezogenen Daten ablehnen und stattdessen die Einschr\u00e4nkung der Nutzung verlangen;<br>\u2022 wir Ihre personenbezogenen Daten f\u00fcr die Zwecke der\u2028Verarbeitung nicht l\u00e4nger ben\u00f6tigen, Sie diese jedoch zur Geltendmachung, Aus\u00fcbung oder Verteidigung von Rechtsanspr\u00fcchen ben\u00f6tigen, oder<br>\u2022 Sie Widerspruch gegen die Verarbeitung gem\u00e4\u00df Art. 21 Abs. 1 DSGVO eingelegt haben und noch nicht feststeht, ob unsere berechtigten Gr\u00fcnde gegen\u00fcber Ihren Gr\u00fcnden \u00fcberwiegen.<br>Haben Sie die Einschr\u00e4nkung der Verarbeitung Ihrer personenbezogenen Daten verlangt, d\u00fcrfen diese Daten \u2013 von ihrer Speicherung abgesehen \u2013 nur mit Ihrer Einwilligung oder zur Geltendmachung, Aus\u00fcbung oder Verteidigung von Rechtsanspr\u00fcchen oder zum Schutz der Rechte einer anderen nat\u00fcrlichen oder juristischen Person oder aus Gr\u00fcnden eines wichtigen \u00f6ffentlichen Interesses der Union oder eines Mitgliedstaats verarbeitet werden. Sie werden von uns unterrichtet bevor die Einschr\u00e4nkung aufgehoben wird.<br><\/p>\n\n\n\n<h3 class=\"wp-block-heading\">6.4 Recht auf L\u00f6schung<\/h3>\n\n\n\n<p>Sie k\u00f6nnen von uns die unverz\u00fcgliche L\u00f6schung Ihrer personenbezogenen Daten verlangen. Wir sind verpflichtet diese Daten unverz\u00fcglich zu l\u00f6schen, sofern einer der folgenden Gr\u00fcnde zutrifft:<br>\u2022 Ihre personenbezogenen Daten sind f\u00fcr die Zwecke, f\u00fcr die sie erhoben oder auf sonstige Weise verarbeitet wurden, nicht mehr notwendig.<br>\u2022 Sie widerrufen eine ggf. bestehende Einwilligung, auf die sich die Verarbeitung gem. Art. 6 Abs. 1 S. 1 lit. a oder Art. 9 Abs. 2 lit. a DSGVO st\u00fctzte, und es fehlt an einer anderweitigen Rechtsgrundlage f\u00fcr die weitere Verarbeitung.<br>\u2022 Sie legen gem. Art. 21 Abs. 1 DSGVO Widerspruch gegen die Verarbeitung ein, und es liegen keine vorrangigen berechtigten Gr\u00fcnde f\u00fcr die Verarbeitung vor.<br>\u2022 Sie legen gem. Art. 21 Abs. 2 DSGVO Widerspruch gegen die Verarbeitung im Wege einer Direktwerbung ein.<br>\u2022 Ihre personenbezogenen Daten wurden unrechtm\u00e4\u00dfig verarbeitet.<br>\u2022 Die L\u00f6schung Ihrer personenbezogenen Daten ist zur Erf\u00fcllung einer rechtlichen Verpflichtung nach dem Unionsrecht oder dem Recht der Mitgliedstaaten erforderlich, dem wir unterliegen.<br>\u2022 Ihre personenbezogenen Daten wurden in Bezug auf angebotene Dienste der Informationsgesellschaft gem\u00e4\u00df Art. 8 Abs. 1 DSGVO erhoben.<br>Haben wir Ihre personenbezogenen Daten \u00f6ffentlich gemacht und sind wir gem. Art. 17 Abs. 1 DSGVO zu deren L\u00f6schung verpflichtet, so treffen wir, unter Ber\u00fccksichtigung der verf\u00fcgbaren Technologie und der Implementierungskosten, angemessene Ma\u00dfnahmen, um die f\u00fcr die Datenverarbeitung Verantwortliche\/n dar\u00fcber zu informieren, dass Sie von ihm\/ihnen die L\u00f6schung aller Links zu diesen personenbezogenen Daten, Kopien oder Replikationen verlangt haben.<br>Ihr Recht auf L\u00f6schung besteht nicht, soweit die Verarbeitung erforderlich ist<br>\u2022 zur Aus\u00fcbung des Rechts auf freie Meinungs\u00e4u\u00dferung und Information;<br>\u2022 zur Erf\u00fcllung einer rechtlichen Verpflichtung, die die Verarbeitung nach dem Recht der Union oder der Mitgliedstaaten, dem wir unterliegen, erfordert, oder zur Wahrnehmung einer Aufgabe, die im \u00f6ffentlichen Interesse liegt oder in Aus\u00fcbung \u00f6ffentlicher Gewalt erfolgt, die uns \u00fcbertragen wurde;<br>\u2022 aus Gr\u00fcnden des \u00f6ffentlichen Interesses im Bereich der \u00f6ffentlichen Gesundheit gem\u00e4\u00df Art. 9 Abs. 2 lit. h und i sowie Art. 9 Ab. 3 DSGVO;<br>\u2022 f\u00fcr im \u00f6ffentlichen Interesse liegende Archivzwecke, wissenschaftliche oder historische Forschungszwecke oder f\u00fcr statistische Zwecke gem. Art. 89 Abs. 1 DSGVO, soweit das in Abs. 1 genannte Recht voraussichtlich die Verwirklichung der Ziele dieser Verarbeitung unm\u00f6glich macht oder ernsthaft beeintr\u00e4chtigt, oder<br>\u2022 zur Geltendmachung, Aus\u00fcbung oder Verteidigung von Rechtsanspr\u00fcchen.<br><\/p>\n\n\n\n<h3 class=\"wp-block-heading\">6.5 Recht auf Unterrichtung<\/h3>\n\n\n\n<p>Haben Sie Ihr Recht auf Berichtigung, L\u00f6schung oder Einschr\u00e4nkung der Verarbeitung gegen\u00fcber uns geltend gemacht, sind wir verpflichtet, allen Empf\u00e4ngern, denen Ihre personenbezogenen Daten offengelegt wurden, diese Berichtigung oder L\u00f6schung der Daten oder Einschr\u00e4nkung der Verarbeitung mitzuteilen, es sei denn, dies erweist sich als unm\u00f6glich oder ist mit einem unverh\u00e4ltnism\u00e4\u00dfigen Aufwand verbunden.<br>Ihnen steht gegen\u00fcber uns das Recht zu, dass wir Sie \u00fcber diese Empf\u00e4nger unterrichten.<br><\/p>\n\n\n\n<h3 class=\"wp-block-heading\">6.6 Recht auf Daten\u00fcbertragbarkeit<\/h3>\n\n\n\n<p>Sie haben das Recht, Ihre personenbezogenen Daten, die Sie uns ggf. bereitgestellt haben, in einem strukturierten, g\u00e4ngigen und maschinenlesbaren Format zu erhalten. Au\u00dferdem haben Sie das Recht diese Daten einem anderen Verantwortlichen ohne Behinderung durch uns zu \u00fcbermitteln, sofern<br>\u2022 die Verarbeitung auf einer Einwilligung gem. Art. 6 Abs. 1 S. 1 lit. a DSGVO oder Art. 9 Abs. 2 lit. a DSGVO oder auf einem Vertrag gem. Art. 6 Abs. 1 S. 1 lit. b DSGVO beruht und<br>\u2022 die Verarbeitung mithilfe automatisierter Verfahren erfolgt.<br>Ferner haben Sie diesbez\u00fcglich das Recht, die \u00dcbermittlung Ihrer personenbezogenen Daten direkt von uns an einen anderen Verantwortlichen zu erwirken, soweit dies technisch machbar ist. Die Rechte und Freiheiten anderer Personen d\u00fcrfen hierdurch nicht beeintr\u00e4chtigt werden.<br>Das Recht auf Daten\u00fcbertragbarkeit gilt nicht f\u00fcr eine Verarbeitung personenbezogener Daten, die f\u00fcr die Wahrnehmung einer Aufgabe erforderlich ist, die im \u00f6ffentlichen Interesse liegt oder in Aus\u00fcbung \u00f6ffentlicher Gewalt erfolgt, die uns \u00fcbertragen wurde.<br>Im Rahmen des Angebotes unserer Website gehen wir derzeit nicht davon aus, dass dem Recht auf Daten\u00fcbertragbarkeit unterliegende Daten verarbeitet werden.<br><\/p>\n\n\n\n<h3 class=\"wp-block-heading\">6.7 Widerspruchsrecht<\/h3>\n\n\n\n<p>Sie haben das Recht, aus Gr\u00fcnden, die sich aus Ihrer besonderen Situation ergeben, jederzeit gegen die Verarbeitung Ihrer personenbezogenen Daten, die aufgrund von Art. 6 Abs. 1 S. 1 lit. e oder f DSGVO erfolgt, Widerspruch einzulegen; dies gilt auch f\u00fcr ein auf diese Bestimmungen gest\u00fctztes Profiling.<br>Wir verarbeiten Ihre personenbezogenen Daten dann nicht mehr, es sei denn, wir k\u00f6nnen zwingende schutzw\u00fcrdige Gr\u00fcnde f\u00fcr die Verarbeitung nachweisen, die Ihre Interessen, Rechte und Freiheiten \u00fcberwiegen, oder die Verarbeitung dient der Geltendmachung, Aus\u00fcbung oder Verteidigung von Rechtsanspr\u00fcchen.<br>Werden Ihre personenbezogenen Daten verarbeitet, um Direktwerbung zu betreiben, haben Sie das Recht, jederzeit Widerspruch gegen die Verarbeitung der Sie betreffenden personenbezogenen Daten zum Zwecke derartiger Werbung einzulegen; dies gilt auch f\u00fcr das damit ggf. in Verbindung stehende Profiling.<br>Widersprechen Sie der Verarbeitung f\u00fcr Zwecke der Direktwerbung, so werden Ihre personenbezogenen Daten nicht mehr f\u00fcr diese Zwecke verarbeitet.<br>Sie haben die M\u00f6glichkeit, im Zusammenhang mit der Nutzung von Diensten der Informationsgesellschaft \u2013 ungeachtet der Richtlinie 2002\/58\/EG \u2013 Ihr Widerspruchsrecht mittels automatisierter Verfahren auszu\u00fcben, bei denen technische Spezifikationen verwendet werden.<br><\/p>\n\n\n\n<h3 class=\"wp-block-heading\">6.8 Recht auf Widerruf der datenschutzrechtlichen Einwilligungserkl\u00e4rung<\/h3>\n\n\n\n<p>Sie haben das Recht, Ihre datenschutzrechtliche Einwilligungserkl\u00e4rung jederzeit zu widerrufen. Durch den Widerruf der Einwilligung wird die Rechtm\u00e4\u00dfigkeit der aufgrund der Einwilligung bis zum Widerruf erfolgten Verarbeitung nicht ber\u00fchrt.<br><\/p>\n\n\n\n<h3 class=\"wp-block-heading\">6.9 Automatisierte Entscheidung im Einzelfall einschlie\u00dflich Profiling.<\/h3>\n\n\n\n<p>Sie haben das Recht, nicht einer ausschlie\u00dflich auf einer automatisierten Verarbeitung \u2013 einschlie\u00dflich Profiling \u2013 beruhenden Entscheidung unterworfen zu werden, die Ihnen gegen\u00fcber rechtliche Wirkung entfaltet oder Sie in \u00e4hnlicher Weise erheblich beeintr\u00e4chtigt. Solche Verarbeitungen nehmen wir nicht vor.<br><\/p>\n\n\n\n<h3 class=\"wp-block-heading\">6.10 Recht auf Beschwerde bei einer Aufsichtsbeh\u00f6rde<\/h3>\n\n\n\n<p>Ihnen steht unbeschadet ggf. weiterer Beschwerderechte das Recht auf Beschwerde bei einer Aufsichtsbeh\u00f6rde, insbesondere in dem Mitgliedstaat ihres Aufenthaltsorts, ihres Arbeitsplatzes oder des Orts des mutma\u00dflichen Versto\u00dfes zu, wenn Sie der Ansicht sind, dass die Verarbeitung Ihrer personenbezogenen Daten gegen die DSGVO verst\u00f6\u00dft.<br><\/p>\n\n\n\n<h3 class=\"wp-block-heading\">7. Verantwortung f\u00fcr verlinkte Inhalte<\/h3>\n\n\n\n<p>Auf unserer Website nutzen wir ggf. auch Links zu Websites anderer Anbieter. Insoweit gilt diese Datenschutzerkl\u00e4rung nicht. Sofern bei der Nutzung der Websites dieser anderen Anbieter eine Erhebung, Verarbeitung oder Nutzung personenbezogener Daten erfolgt, so beachten Sie bitte die Hinweise zum Datenschutz der jeweiligen Anbieter. F\u00fcr deren Datenschutzhandhabung sind wir nicht verantwortlich.<br><\/p>\n\n\n\n<h3 class=\"wp-block-heading\">8. Weitergabe personenbezogener Daten an Dritte<\/h3>\n\n\n\n<p>Ihre personenbezogenen Daten werden ausschlie\u00dflich auf unseren Servern bzw. auf in unserem Auftrag genutzten Servern gespeichert. Der Zugriff hierauf und die Verwendung der Daten ist nur einem dazu berechtigten Mitarbeiterkreis bzw. Dienstleisterkreis m\u00f6glich und ist auch nur auf diejenigen Daten begrenzt, die zur Erf\u00fcllung der jeweiligen Aufgabe notwendig sind. Eine \u00dcbermittlung Ihrer Daten an Dritte erfolgt ohne Ihre Einwilligung nicht. Eine Daten\u00fcbermittlung in Drittstaaten (Staaten au\u00dferhalb des Europ\u00e4ischen Wirtschaftsraums \u2013 EWR) findet, soweit nicht in dieser Datenschutzerkl\u00e4rung anders angegeben, nicht statt und ist auch k\u00fcnftig nicht beabsichtigt.<br><\/p>\n\n\n\n<h3 class=\"wp-block-heading\">9. Datensicherheit<\/h3>\n\n\n\n<p>Zum Schutz Ihrer personenbezogenen Daten haben wir technische und organisatorische Ma\u00dfnahmen getroffen, um daf\u00fcr Sorge zu tragen, dass Ihre Daten vor zuf\u00e4lligen oder vors\u00e4tzlichen Verlusten, Zerst\u00f6rungen oder Manipulationen sowie den Zugriff nicht berechtigter Personen gesch\u00fctzt sind. Unsere Schutzma\u00dfnahmen werden in regelm\u00e4\u00dfigen Abst\u00e4nden \u00fcberpr\u00fcft und bei Bedarf dem technischen Fortschritt angepasst.<br><\/p>\n\n\n\n<h3 class=\"wp-block-heading\">10. \u00c4nderungen der Datenschutzerkl\u00e4rung<\/h3>\n\n\n\n<p>Wir behalten uns das Recht vor, diese Datenschutzerkl\u00e4rung jederzeit bei Bedarf und in Ansehung der zum \u00c4nderungszeitpunkt jeweils geltenden Datenschutzvorschriften zu \u00e4ndern.<br><br>Stand: Dezember 2021<\/p>\n","protected":false},"excerpt":{"rendered":"<p>Datenschutz 1. Allgemeines Thomas Petersen, Schuby 25, 24398 D\u00f6rphof, ist Verantwortliche im Sinne der Europ\u00e4ischen Datenschutzgrundverordnung (DSGVO) f\u00fcr die Datenverarbeitung auf dieser Website. Wir achten Ihre Pers\u00f6nlichkeitsrechte. Wir wissen um die Bedeutung pers\u00f6nlicher Daten, die wir von Ihnen als Nutzer unserer Website erhalten. Wir respektieren den Schutz Ihrer personenbezogenen Daten und werden s\u00e4mtliche erlangten Daten &hellip; <\/p>\n<p class=\"link-more\"><a href=\"https:\/\/petersenschuby.de\/?page_id=105\" class=\"more-link\"><span class=\"screen-reader-text\">\u201eDatenschutzerkl\u00e4rung\u201c<\/span> weiterlesen<\/a><\/p>\n","protected":false},"author":1,"featured_media":0,"parent":0,"menu_order":0,"comment_status":"closed","ping_status":"closed","template":"","meta":{"footnotes":""},"class_list":["post-105","page","type-page","status-publish","hentry"],"_links":{"self":[{"href":"https:\/\/petersenschuby.de\/index.php?rest_route=\/wp\/v2\/pages\/105","targetHints":{"allow":["GET"]}}],"collection":[{"href":"https:\/\/petersenschuby.de\/index.php?rest_route=\/wp\/v2\/pages"}],"about":[{"href":"https:\/\/petersenschuby.de\/index.php?rest_route=\/wp\/v2\/types\/page"}],"author":[{"embeddable":true,"href":"https:\/\/petersenschuby.de\/index.php?rest_route=\/wp\/v2\/users\/1"}],"replies":[{"embeddable":true,"href":"https:\/\/petersenschuby.de\/index.php?rest_route=%2Fwp%2Fv2%2Fcomments&post=105"}],"version-history":[{"count":1,"href":"https:\/\/petersenschuby.de\/index.php?rest_route=\/wp\/v2\/pages\/105\/revisions"}],"predecessor-version":[{"id":107,"href":"https:\/\/petersenschuby.de\/index.php?rest_route=\/wp\/v2\/pages\/105\/revisions\/107"}],"wp:attachment":[{"href":"https:\/\/petersenschuby.de\/index.php?rest_route=%2Fwp%2Fv2%2Fmedia&parent=105"}],"curies":[{"name":"wp","href":"https:\/\/api.w.org\/{rel}","templated":true}]}}